{"id":1338,"date":"2019-12-20T12:01:05","date_gmt":"2019-12-20T14:31:05","guid":{"rendered":"http:\/\/mariellebennezon.com\/?page_id=1338"},"modified":"2021-07-29T07:30:49","modified_gmt":"2021-07-29T10:00:49","slug":"actualites","status":"publish","type":"page","link":"https:\/\/mariellebennezon.com\/?page_id=1338","title":{"rendered":"Expositions"},"content":{"rendered":"\n<p><strong>Exposition personnelle \u00a0\u00bb Fahrenheit 122\u00b0\u00a0\u00bb, 21 juin 2021 &#8211; 1 juillet 2021 &#8211; enclos des Jacobins &#8211; Bouges<\/strong><\/p>\n\n\n\n<p>Se pr\u00e9sentant sous la forme d\u2019une exp\u00e9rience scientifique, Fahrenheit 122\u00b0 est le titre \u00e9ponyme de cette exposition. 122\u00b0F est \u00e0 la fois la temp\u00e9rature de fusion de la cire de soja utilis\u00e9e ici, mais aussi le titre de la pi\u00e8ce principale qui y figure. Ce dispositif a \u00e9t\u00e9 pens\u00e9 afin de mesurer visuellement, via la transformation ou l\u2019\u00e9coulement de la cire soumise \u00e0 l\u2019intensit\u00e9 du soleil de Bourges, lors la p\u00e9riode la plus chaude de l\u2019ann\u00e9e &#8211; selon les relev\u00e9s m\u00e9t\u00e9orologiques de ces cinq derni\u00e8res ann\u00e9es pour cette ville.<\/p>\n\n\n\n<p>Elle est compos\u00e9e de plusieurs \u00e9l\u00e9ments&nbsp;:<\/p>\n\n\n\n<ul class=\"wp-block-list\"><li>des feuilles gradu\u00e9es qui seront plac\u00e9es quotidiennement ou presque pendant cette p\u00e9riode derri\u00e8re la vitrine, \u00e9tal\u00e9es sur une grande plaque en zinc qui se termine par une goutti\u00e8re,<\/li><li>le carnet de relev\u00e9 permettant de visualiser et consigner les diff\u00e9rents sch\u00e9mas des trac\u00e9s relev\u00e9s,<\/li><li>puis enfin le pr\u00e9sentoir d\u2019archivage articul\u00e9 o\u00f9 seront stock\u00e9es les feuilles apr\u00e8s leur exposition.<\/li><\/ul>\n\n\n\n<p>&nbsp;&nbsp;&nbsp;&nbsp;&nbsp; L\u2019exposition sera \u00e0 voir en temps r\u00e9el depuis l\u2019ext\u00e9rieur aux heures les plus chaudes. Les traces des jours pr\u00e9c\u00e9dents et l\u2019ensemble de l\u2019exp\u00e9rience, quant \u00e0 elles, n\u00e9cessiteront de p\u00e9n\u00e9trer dans la galerie afin de feuilleter et de parcourir le temps \u00e9coul\u00e9.<\/p>\n\n\n\n<p>Ce dispositif s\u2019appuie sur les premi\u00e8res machines \u00e0 transcrire les ph\u00e9nom\u00e8nes naturels en donn\u00e9es scientifiques tels que l\u2019h\u00e9liographe, sorte de boule de cristal divinatoire br\u00fblant un papier et qui rel\u00e8ve ainsi automatiquement l&rsquo;intensit\u00e9 du soleil, ou encore l&rsquo;hygrom\u00e8tre, machine \u00e0 mesurer l\u2019humidit\u00e9 de l\u2019air \u00e0 l\u2019aide d\u2019un crin de cheval, \u2026 et avec toute l\u2019ironie qu\u2019avec le recul, ont pu avoir ces inventions qui parfois mesuraient des donn\u00e9es que tout un chacun percevait instinctivement et spontan\u00e9ment. L\u2019issue \u00e9tait connue.<\/p>\n\n\n\n<p>Si, il y a encore quelques ann\u00e9es l&rsquo;exp\u00e9rience que je propose n\u2019aurait pu \u00eatre imagin\u00e9e car peu probable qu\u2019elle soit probante, elle prend avant m\u00eame d\u2019\u00eatre mise en place, par son existence-m\u00eame, un caract\u00e8re de constat et cela m\u00eame si les r\u00e9sultats obtenus peuvent, cette ann\u00e9e, \u00eatre diff\u00e9rents d\u2019une autre ann\u00e9e, ou encore d\u2019un autre lieu.<\/p>\n\n\n\n<p>L\u2019installation oscille donc entre le plaisir de r\u00e9aliser des petites exp\u00e9riences d\u2019apprenti scientifique et la constante ironie des constats \u00e0 r\u00e9p\u00e9tition de ce ph\u00e9nom\u00e8ne dor\u00e9navant malheureusement trop connu.<\/p>\n\n\n\n<p>Ironique, aussi, l\u2019utilisation d\u2019un mat\u00e9riau. La cire est dans l\u2019histoire de la peinture sous forme d&rsquo;encaustique appliqu\u00e9e sur une surface plane pour faire de la figuration : ici point d&rsquo;image, elle est utilis\u00e9e pour sa qualit\u00e9 physique d&rsquo;indice thermique.<\/p>\n\n\n\n<p>Il s\u2019agit non pas d\u2019une repr\u00e9sentation &#8211; m\u00eame si certains penseront \u00e0 une image \u00e9voquant la \u00ab&nbsp;chute d\u2019Icare&nbsp;\u00bb &#8211; mais bien plus d\u2019une pr\u00e9sentation mettant en sc\u00e8ne les effets du soleil sur l\u2019\u00e9coulement de la cire et qui n\u2019ob\u00e9it \u00e0 aucune logique traditionnelle de cr\u00e9ation de l\u2019image. L\u2019al\u00e9atoire est ici, v\u00e9hicul\u00e9e \u00e0 la fois par le soleil mais aussi par l\u2019intervention humaine et de la subjectivit\u00e9 des individus, quels qu\u2019ils soient. Ces intervenants auront en effet des b\u00e2tonnets de cire de tailles et de couleurs diff\u00e9rentes qu\u2019ils disposeront selon leurs bons vouloirs et qui seront mis en mouvement par le soleil en cr\u00e9ant ainsi un dessin naturel et automatique dont les moteurs sont la gravit\u00e9 et la liquidit\u00e9. A temp\u00e9rature exceptionnelle, dessin exceptionnel.<\/p>\n\n\n\n<p>Le zinc par sa conductibilit\u00e9 \u00e9lev\u00e9e \u00e0 la chaleur faciliterait la diffusion de la cire et donc les coulures, voire les impr\u00e9gnations. Alors que l&rsquo;exposition \u00e0 Poteaux d&rsquo;angle va se passer dans un vase clos sp\u00e9cifique, les donn\u00e9es, sous forme de feuilles portant des traces de coulures de cire, auront une validit\u00e9 plus g\u00e9n\u00e9rale. Le dispositif dans sa globalit\u00e9 est transf\u00e9rable en tout lieu poss\u00e9dant une fen\u00eatre qui donne sur l&rsquo;ext\u00e9rieur. Il sera possible, donc, dans les ann\u00e9es et les d\u00e9cennies \u00e0 venir de reproduire l&rsquo;exp\u00e9rience de fa\u00e7on locale, voire globale. Et d&rsquo;obtenir ainsi une panoplie de r\u00e9sultats qui pourrait \u00eatre expos\u00e9e sous forme r\u00e9trospective : mani\u00e8re de plus de constater l&rsquo;efficacit\u00e9 des efforts d\u00e9ploy\u00e9s pour ralentir l&rsquo;augmentation des temp\u00e9ratures d\u2019ann\u00e9e en ann\u00e9e. Les traces d\u2019un format moins important sont des exp\u00e9riences de coulures men\u00e9es l\u2019\u00e9t\u00e9 dernier comme des \u00e9tudes pr\u00e9paratoires.<\/p>\n\n\n\n<figure class=\"wp-block-image size-large\"><img loading=\"lazy\" decoding=\"async\" width=\"679\" height=\"960\" src=\"http:\/\/mariellebennezon.com\/wp-content\/uploads\/2021\/07\/195822222_1869235416581278_1189211247135480205_n.jpg\" alt=\"\" class=\"wp-image-1657\" srcset=\"https:\/\/mariellebennezon.com\/wp-content\/uploads\/2021\/07\/195822222_1869235416581278_1189211247135480205_n.jpg 679w, https:\/\/mariellebennezon.com\/wp-content\/uploads\/2021\/07\/195822222_1869235416581278_1189211247135480205_n-212x300.jpg 212w\" sizes=\"auto, (max-width: 679px) 100vw, 679px\" \/><\/figure>\n\n\n\n<p><strong>Exposition personnelle \u00ab\u00a0Contre uns\u00a0\u00bb, 22 f\u00e9vrier &#8211; 22 mars, 2020 &#8211; Jardin des Rives &#8211; Saint-Avertin<\/strong><\/p>\n\n\n\n<p>Tissus de maillot de bain poch\u00e9s, matelas de mousse en m\u00e9moire de forme, b\u00e9ton coul\u00e9 dans des coffrages souples, t\u00f4les de zinc grav\u00e9es, \u00e9vid\u00e9es \u00e0 l\u2019acide, cartes IGN calcin\u00e9es, canevas brod\u00e9s aux motifs surann\u00e9s\u2026 autant d\u2019objets collect\u00e9s, r\u00e9appropri\u00e9s, puis d\u00e9form\u00e9s, d\u00e9tourn\u00e9s qui, mis en oeuvre deviennent \u00e0 la fois source et contrainte.<\/p>\n\n\n\n<p>Que ce soient des inf\u00e9rences, des interf\u00e9rences, ou des contraintes li\u00e9es \u00e0\ndes ph\u00e9nom\u00e8nes chimiques et physiques, ces exp\u00e9riences s\u2019inscrivent\nd\u2019elles-m\u00eames \u00e0 travers leurs propres codes d\u2019\u00e9criture, tout en d\u00e9limitant\nleurs espaces.<\/p>\n\n\n\n<p>Marielle Bennezon met en place les protocoles d\u2019exp\u00e9rimentation. Elle\nr\u00e9serve aux spectateurs le r\u00f4le de t\u00e9moin actif ; \u00e0 eux d\u2019enregistrer les\nmodifications, de pointer les imperfections, d\u2019acter la fragilit\u00e9 et de relever\nles indices.<\/p>\n\n\n\n<p>Dans cette rencontre entre des mat\u00e9riaux et des processus s\u2019oppose des\nforces et des fronti\u00e8res al\u00e9atoires qui font \u00e9cho au monde actuel.<\/p>\n\n\n\n<p><a href=\"http:\/\/www.ville-saint-avertin.fr\/culture-spectacles-patrimoine\/lannexe-centre-dart-des-rives\/saison-2019-2020.html\">http:\/\/www.ville-saint-avertin.fr\/culture-spectacles-patrimoine\/lannexe-centre-dart-des-rives\/saison-2019-2020.html<\/a><\/p>\n\n\n\n<p><strong>Exposition personnelle \u00ab\u00a0Parties immerg\u00e9es\u00a0\u00bb, 24 juin &#8211; 17 septembre 2017<\/strong> <strong>&#8211; Art Boretum &#8211; Argenton-sur-Creuse<\/strong><\/p>\n\n\n\n<figure class=\"wp-block-image size-large\"><img loading=\"lazy\" decoding=\"async\" width=\"1024\" height=\"467\" src=\"http:\/\/mariellebennezon.com\/wp-content\/uploads\/2019\/12\/CARTON-BENNEZON-1-1024x467.jpg\" alt=\"\" class=\"wp-image-1488\" srcset=\"https:\/\/mariellebennezon.com\/wp-content\/uploads\/2019\/12\/CARTON-BENNEZON-1-1024x467.jpg 1024w, https:\/\/mariellebennezon.com\/wp-content\/uploads\/2019\/12\/CARTON-BENNEZON-1-300x137.jpg 300w, https:\/\/mariellebennezon.com\/wp-content\/uploads\/2019\/12\/CARTON-BENNEZON-1-768x350.jpg 768w, https:\/\/mariellebennezon.com\/wp-content\/uploads\/2019\/12\/CARTON-BENNEZON-1-1536x700.jpg 1536w, https:\/\/mariellebennezon.com\/wp-content\/uploads\/2019\/12\/CARTON-BENNEZON-1-2048x933.jpg 2048w, https:\/\/mariellebennezon.com\/wp-content\/uploads\/2019\/12\/CARTON-BENNEZON-1-1200x547.jpg 1200w, https:\/\/mariellebennezon.com\/wp-content\/uploads\/2019\/12\/CARTON-BENNEZON-1-1860x848.jpg 1860w\" sizes=\"auto, (max-width: 1024px) 100vw, 1024px\" \/><\/figure>\n\n\n\n<figure class=\"wp-block-image size-large\"><img loading=\"lazy\" decoding=\"async\" width=\"1024\" height=\"467\" src=\"http:\/\/mariellebennezon.com\/wp-content\/uploads\/2019\/12\/CARTON-BENNEZON-2-1024x467.jpg\" alt=\"\" class=\"wp-image-1489\" srcset=\"https:\/\/mariellebennezon.com\/wp-content\/uploads\/2019\/12\/CARTON-BENNEZON-2-1024x467.jpg 1024w, https:\/\/mariellebennezon.com\/wp-content\/uploads\/2019\/12\/CARTON-BENNEZON-2-300x137.jpg 300w, https:\/\/mariellebennezon.com\/wp-content\/uploads\/2019\/12\/CARTON-BENNEZON-2-768x350.jpg 768w, https:\/\/mariellebennezon.com\/wp-content\/uploads\/2019\/12\/CARTON-BENNEZON-2-1536x700.jpg 1536w, https:\/\/mariellebennezon.com\/wp-content\/uploads\/2019\/12\/CARTON-BENNEZON-2-2048x933.jpg 2048w, https:\/\/mariellebennezon.com\/wp-content\/uploads\/2019\/12\/CARTON-BENNEZON-2-1200x547.jpg 1200w, https:\/\/mariellebennezon.com\/wp-content\/uploads\/2019\/12\/CARTON-BENNEZON-2-1860x848.jpg 1860w\" sizes=\"auto, (max-width: 1024px) 100vw, 1024px\" \/><\/figure>\n\n\n\n<p><a href=\"http:\/\/www.artboretum.fr\/\">http:\/\/www.artboretum.fr\/<\/a><\/p>\n\n\n\n<p><strong>Exposition collective \u00ab\u00a0L&rsquo;actuel\u00a0\u00bb, 20 avril &#8211; 27 mai 2017 \u2013 Galerie Episodique &#8211; Paris<\/strong><\/p>\n\n\n\n<figure class=\"wp-block-image size-large\"><img loading=\"lazy\" decoding=\"async\" width=\"722\" height=\"1024\" src=\"http:\/\/mariellebennezon.com\/wp-content\/uploads\/2017\/04\/LActuel_Vernissage_2-722x1024.jpg\" alt=\"\" class=\"wp-image-955\" srcset=\"https:\/\/mariellebennezon.com\/wp-content\/uploads\/2017\/04\/LActuel_Vernissage_2-722x1024.jpg 722w, https:\/\/mariellebennezon.com\/wp-content\/uploads\/2017\/04\/LActuel_Vernissage_2-211x300.jpg 211w, https:\/\/mariellebennezon.com\/wp-content\/uploads\/2017\/04\/LActuel_Vernissage_2-768x1090.jpg 768w, https:\/\/mariellebennezon.com\/wp-content\/uploads\/2017\/04\/LActuel_Vernissage_2.jpg 1748w\" sizes=\"auto, (max-width: 722px) 100vw, 722px\" \/><\/figure>\n\n\n\n<p><a href=\"https:\/\/www.facebook.com\/lagalerie.episodique\/\">https:\/\/www.facebook.com\/lagalerie.episodique\/<\/a><\/p>\n\n\n\n<p><strong>Exposition personnelle \u00ab\u00a0L&rsquo;all\u00e9gorie &#8211; L&rsquo;atelier de Vermeer &#8211; Octobre &#8211; novembre 2014 &#8211; Identit\u00e9 remarquable &#8211; Orl\u00e9ans<\/strong><\/p>\n\n\n\n<figure class=\"wp-block-embed is-type-rich is-provider-tumblr\"><div class=\"wp-block-embed__wrapper\">\n<div class=\"tumblr-post\" data-href=\"https:\/\/embed.tumblr.com\/embed\/post\/t:9OHgy2MEznaGKNRciNRp-g\/100817778369\/v2\" data-did=\"874baf39bad3e268bce4deb5b1a38c4aa062ce0a\"  ><a href=\"https:\/\/www.tumblr.com\/identites-remarquables\/100817778369\/marielle-bennezon\">https:\/\/www.tumblr.com\/identites-remarquables\/100817778369\/marielle-bennezon<\/a><\/div><script async src=\"https:\/\/assets.tumblr.com\/post.js?_v=38df9a6ca7436e6ca1b851b0543b9f51\"><\/script>\n<\/div><\/figure>\n\n\n\n<p><a href=\"https:\/\/identites-remarquables.tumblr.com\/\">https:\/\/identites-remarquables.tumblr.com\/<\/a><\/p>\n","protected":false},"excerpt":{"rendered":"<p>Exposition personnelle \u00a0\u00bb Fahrenheit 122\u00b0\u00a0\u00bb, 21 juin 2021 &#8211; 1 juillet 2021 &#8211; enclos des Jacobins &#8211; Bouges Se pr\u00e9sentant sous la forme d\u2019une exp\u00e9rience scientifique, Fahrenheit 122\u00b0 est le titre \u00e9ponyme de cette exposition. 122\u00b0F est \u00e0 la fois la temp\u00e9rature de fusion de la cire de soja utilis\u00e9e ici, mais aussi le titre [&hellip;]<\/p>\n","protected":false},"author":1,"featured_media":0,"parent":0,"menu_order":0,"comment_status":"closed","ping_status":"closed","template":"","meta":{"footnotes":""},"class_list":["post-1338","page","type-page","status-publish","hentry","missing-thumbnail"],"_links":{"self":[{"href":"https:\/\/mariellebennezon.com\/index.php?rest_route=\/wp\/v2\/pages\/1338","targetHints":{"allow":["GET"]}}],"collection":[{"href":"https:\/\/mariellebennezon.com\/index.php?rest_route=\/wp\/v2\/pages"}],"about":[{"href":"https:\/\/mariellebennezon.com\/index.php?rest_route=\/wp\/v2\/types\/page"}],"author":[{"embeddable":true,"href":"https:\/\/mariellebennezon.com\/index.php?rest_route=\/wp\/v2\/users\/1"}],"replies":[{"embeddable":true,"href":"https:\/\/mariellebennezon.com\/index.php?rest_route=%2Fwp%2Fv2%2Fcomments&post=1338"}],"version-history":[{"count":10,"href":"https:\/\/mariellebennezon.com\/index.php?rest_route=\/wp\/v2\/pages\/1338\/revisions"}],"predecessor-version":[{"id":1658,"href":"https:\/\/mariellebennezon.com\/index.php?rest_route=\/wp\/v2\/pages\/1338\/revisions\/1658"}],"wp:attachment":[{"href":"https:\/\/mariellebennezon.com\/index.php?rest_route=%2Fwp%2Fv2%2Fmedia&parent=1338"}],"curies":[{"name":"wp","href":"https:\/\/api.w.org\/{rel}","templated":true}]}}